{"id":8,"date":"2023-03-09T13:16:52","date_gmt":"2023-03-09T13:16:52","guid":{"rendered":"https:\/\/www.seguridadpaciente.com\/2023\/?page_id=8"},"modified":"2023-05-31T11:58:11","modified_gmt":"2023-05-31T11:58:11","slug":"programa","status":"publish","type":"page","link":"https:\/\/www.seguridadpaciente.com\/2023\/programa\/","title":{"rendered":"Programa"},"content":{"rendered":"<table id=\"tabletitle\" style=\"border-collapse: collapse; width: 100%;\">\n<tbody>\n<tr>\n<td style=\"width: 38%;\">\n<h2><i class=\"fa-solid fa-list-check\"><\/i> <span style=\"color: #698ac0;\">PROGRAMA PRELIMINAR XV JORNADA DE SEGURIDAD DEL PACIENTE EN ATENCI\u00d3N PRIMARIA<\/span><\/h2>\n<\/td>\n<td style=\"width: 12%; text-align: right;\"><a href=\"https:\/\/www.seguridadpaciente.com\/2023\/wp-content\/uploads\/2023\/05\/Programa-Cientifico_XV-SP-2.pdf\" target=\"_blank\" rel=\"noopener\"><span id=\"masinfo\">Descarga el programa en PDF<\/span><\/a><\/td>\n<\/tr>\n<\/tbody>\n<\/table>\n<p>&nbsp;<\/p>\n<p><strong><span style=\"color: #e2ab2c;\">D\u00eda 5 de junio de 2023<\/span><\/strong><\/p>\n<p style=\"padding-left: 40px;\"><strong>09:00<\/strong> ENTREGA DE DOCUMENTACI\u00d3N<br \/>\n<strong>09:30<\/strong> ACTO INAUGURAL<br \/>\n<strong>10:00<\/strong> MESA DE PONENCIAS<\/p>\n<p style=\"padding-left: 80px;\"><em>\u00abContribuci\u00f3n de los administrativos de atenci\u00f3n primaria a la seguridad del paciente\u00bb<\/em><br \/>\nPonente: Neus Cama\u00f1es Garc\u00eda<br \/>\nResponsable Atenci\u00f3n al Ciudadano y participaci\u00f3n<br \/>\nGerencia territorial Camp de Tarragona (ICS)<\/p>\n<p style=\"padding-left: 80px;\"><em>\u00abGesti\u00f3n enfermera de la demanda\u00bb<\/em><br \/>\nPonente: Jaime Bataller Iba\u00f1ez<br \/>\nVicepresidente AIFiCC<br \/>\nEnfermero especialista en Enfermer\u00eda Familiar y Comunitaria<\/p>\n<p style=\"padding-left: 80px;\"><em>\u00abEl papel del fisioterapeuta integrado en el equipo de atenci\u00f3n primaria\u00bb<br \/>\n<\/em>Ponente: Carlos Del R\u00edo Manzano<br \/>\nFisioterapeuta. Gerencia de Atenci\u00f3n Primaria Valladolid Este. SACYL<\/p>\n<p style=\"padding-left: 80px;\"><em>\u00abAtenci\u00f3n integral al paciente cr\u00f3nico complejo\u00bb<\/em><br \/>\nPonente: Natalia Rilla Villar<br \/>\nFarmac\u00e9utica de Atenci\u00f3n Primaria del \u00c1rea Sanitaria VI.<br \/>\nServicio de Salud del Principado de Asturias. SESPA<\/p>\n<p style=\"padding-left: 80px;\"><em>\u00abLa participaci\u00f3n del paciente cr\u00f3nico en la asistencia que recibe, garant\u00eda de seguridad\u00bb<\/em><br \/>\n<em>Alfonso Castresana Alonso de Prado<\/em><br \/>\n<em>Secretario de la Plataforma de Organizaciones de Pacientes (POP)<\/em><\/p>\n<p style=\"padding-left: 40px;\"><strong>11:30<\/strong> PAUSA CAF\u00c9<br \/>\n<strong>12:00<\/strong> PRESENTACI\u00d3N DE COMUNICACIONES<br \/>\n<strong>14:00<\/strong> LUNCH<br \/>\n<strong>15:00<\/strong> ACTO DE CLAUSURA<br \/>\n<strong>15:30<\/strong> TALLERES<\/p>\n<p><span style=\"color: #e2ab2c;\"><strong>Talleres<\/strong><\/span><\/p>\n<p style=\"padding-left: 40px;\"><strong>Taller 1:<\/strong> FarmaRevisi\u00f3n: revisi\u00f3n de la medicaci\u00f3n integrada en la historia cl\u00ednica<\/p>\n<p style=\"padding-left: 80px;\">Docentes:<br \/>\n<em>Raquel Xoubanova<\/em><br \/>\nFarmac\u00e9utica. SERGAS<\/p>\n<p style=\"padding-left: 80px;\"><em>Mar\u00eda Dolores Cambeiro<\/em><br \/>\nFarmac\u00e9utica. SERGAS<\/p>\n<p style=\"padding-left: 40px;\"><strong>Taller 2:<\/strong> Promoviendo la seguridad del paciente infantil a trav\u00e9s de la gamificaci\u00f3n<\/p>\n<p style=\"padding-left: 80px;\">Docentes:<br \/>\n<em>Marisa Gasc\u00f3n<\/em><br \/>\nEnfermera. SERMAS<\/p>\n<p style=\"padding-left: 80px;\"><em>Concha Parraga<\/em><br \/>\nEnfermera. SERMAS<\/p>\n<p style=\"padding-left: 40px;\"><strong>Taller 3:<\/strong> Involucrando a los pacientes para que participen en su seguridad<\/p>\n<p style=\"padding-left: 80px;\">Docentes:<br \/>\n<em>Rosa A\u00f1el<\/em><br \/>\nM\u00e9dica de Familia. OSAKIDETZA<\/p>\n<p style=\"padding-left: 80px;\"><em>Marta P\u00e9rez<\/em><br \/>\nEnfermera. OSAKIDETZA<\/p>\n<div class=\"notranslate\" style=\"all: initial;\"><\/div>\n","protected":false},"excerpt":{"rendered":"<p>PROGRAMA PRELIMINAR XV JORNADA DE SEGURIDAD DEL PACIENTE EN ATENCI\u00d3N PRIMARIA Descarga el programa en PDF &nbsp; D\u00eda 5 de junio de 2023 09:00 ENTREGA DE DOCUMENTACI\u00d3N 09:30 ACTO INAUGURAL 10:00 MESA DE PONENCIAS \u00abContribuci\u00f3n de los administrativos de atenci\u00f3n primaria a la seguridad del paciente\u00bb Ponente: Neus Cama\u00f1es Garc\u00eda Responsable Atenci\u00f3n al Ciudadano y [&hellip;]<\/p>\n","protected":false},"author":1,"featured_media":0,"parent":0,"menu_order":0,"comment_status":"closed","ping_status":"closed","template":"","meta":[],"_links":{"self":[{"href":"https:\/\/www.seguridadpaciente.com\/2023\/wp-json\/wp\/v2\/pages\/8"}],"collection":[{"href":"https:\/\/www.seguridadpaciente.com\/2023\/wp-json\/wp\/v2\/pages"}],"about":[{"href":"https:\/\/www.seguridadpaciente.com\/2023\/wp-json\/wp\/v2\/types\/page"}],"author":[{"embeddable":true,"href":"https:\/\/www.seguridadpaciente.com\/2023\/wp-json\/wp\/v2\/users\/1"}],"replies":[{"embeddable":true,"href":"https:\/\/www.seguridadpaciente.com\/2023\/wp-json\/wp\/v2\/comments?post=8"}],"version-history":[{"count":20,"href":"https:\/\/www.seguridadpaciente.com\/2023\/wp-json\/wp\/v2\/pages\/8\/revisions"}],"predecessor-version":[{"id":462,"href":"https:\/\/www.seguridadpaciente.com\/2023\/wp-json\/wp\/v2\/pages\/8\/revisions\/462"}],"wp:attachment":[{"href":"https:\/\/www.seguridadpaciente.com\/2023\/wp-json\/wp\/v2\/media?parent=8"}],"curies":[{"name":"wp","href":"https:\/\/api.w.org\/{rel}","templated":true}]}}