{"id":9,"date":"2022-03-04T09:38:06","date_gmt":"2022-03-04T09:38:06","guid":{"rendered":"https:\/\/www.seguridadpaciente.com\/2022\/?page_id=9"},"modified":"2022-06-11T12:38:15","modified_gmt":"2022-06-11T11:38:15","slug":"programa","status":"publish","type":"page","link":"https:\/\/www.seguridadpaciente.com\/2022\/programa\/","title":{"rendered":"Programa"},"content":{"rendered":"<table style=\"border-collapse: collapse; width: 100%;\">\n<tbody>\n<tr>\n<td style=\"width: 50%;\">\n<blockquote>\n<h2>PROGRAMA CIENT\u00cdFICO<\/h2>\n<\/blockquote>\n<\/td>\n<td style=\"width: 40%; text-align: right;\"><a id=\"masinfo\" href=\"https:\/\/www.seguridadpaciente.com\/2022\/wp-content\/uploads\/2022\/05\/2022-05_26_XIV-SPenAP_Programa-Cientifico.pdf\" target=\"_blank\" rel=\"noopener\">Descargue el programa en PDF<\/a><\/td>\n<\/tr>\n<\/tbody>\n<\/table>\n<p style=\"text-align: center;\"><span style=\"font-size: 14pt; color: #f6bb09;\"><strong>XIV JORNADA DE SEGURIDAD DEL PACIENTE EN ATENCI\u00d3N PRIMARIA<\/strong><\/span><br \/>\n<span style=\"color: #007577;\">D\u00eda 13 de junio de 2022<\/span><\/p>\n<hr \/>\n<p style=\"text-align: justify;\"><strong><span style=\"color: #007577;\"><span style=\"color: #f6bb09;\">09:00h<\/span> &#8211; ENTREGA DE DOCUMENTACI\u00d3N<\/span><\/strong><br \/>\n<strong><span style=\"color: #007577;\"><span style=\"color: #f6bb09;\">09:30h<\/span> &#8211; ACTO INAUGURAL<\/span><\/strong><br \/>\n<strong><span style=\"color: #007577;\"><span style=\"color: #f6bb09;\">10:00h<\/span> &#8211; MESA DE PONENCIAS<\/span><\/strong><\/p>\n<p style=\"padding-left: 40px; text-align: justify;\"><strong>&#8220;Luces y sombras de la consulta telef\u00f3nica en atenci\u00f3n primaria\u201d<\/strong><br \/>\nPonente: <strong>Rosa M\u00aa A\u00f1el Rodr\u00edguez.<\/strong><br \/>\n<em>M\u00e9dica de Familia CS Landako (UAP Durango). Osakidetza- Servicio Vasco de Salud.<\/em><br \/>\n<em>Integrante del grupo de trabajo de seguridad del paciente de semFYC.<\/em><\/p>\n<p style=\"padding-left: 40px; text-align: justify;\"><strong>&#8220;Tele-enfermer\u00eda, recomendaciones para garantizar la seguridad del paciente\u201d<\/strong><br \/>\nPonente: <strong>Francisco Cegri Lombardo.<\/strong><br \/>\n<em>Enfermero de Atenci\u00f3n Primaria. PhD.<\/em><br \/>\n<em>Coordinador del grupo de calidad y seguridad del paciente del CAP Sant Mart\u00ed. Barcelona. ICS. Vicepresidente de FAECAP.<\/em><\/p>\n<p style=\"padding-left: 40px; text-align: justify;\"><strong>&#8220;Atenci\u00f3n telef\u00f3nica por el Farmac\u00e9utico de Atenci\u00f3n Primaria (programa ATENTO) Impacto de las nuevas formas de asistencia y percepci\u00f3n de los pacientes\u201d<\/strong><br \/>\nPonente: <strong>Mar\u00eda de los \u00c1ngeles Cruz Martos.<\/strong><br \/>\n<em>Farmac\u00e9utica de Atenci\u00f3n Primaria.<\/em><br \/>\n<em>Servicio de Farmacia AP. Direcci\u00f3n Asistencial Sur-Gerencia de Atenci\u00f3n Primaria. SERMAS.<\/em><\/p>\n<p style=\"padding-left: 40px; text-align: justify;\"><strong>\u201cNuevo Modelo de Integraci\u00f3n tecnol\u00f3gica de los Cuidados Sociosanitarios\u201d<\/strong><br \/>\nPonente: <strong>Alfredo Jos\u00e9 Silva Tojo.<\/strong><br \/>\n<em>Jefe de Servicio de Planificaci\u00f3n, Innovaci\u00f3n asistencial y Gesti\u00f3n de la informaci\u00f3n de Atenci\u00f3n Integral Sociosanitaria.<\/em><br \/>\n<em>Conselleria Pol\u00edtica Social. Xunta de Galicia<\/em><\/p>\n<p style=\"padding-left: 40px; text-align: justify;\"><strong>\u201cTelemedicina y brecha tecnol\u00f3gica, desde la visi\u00f3n de un paciente\u201d<\/strong><br \/>\n<em>Ponente: <strong>Jos\u00e9 Luis Baquero \u00dabeda.<\/strong><br \/>\nVeterinario y doctor en Medicina; paciente y representante de pacientes.<br \/>\nCoordinador de la Responsabilidad Social Corporativa en AECOSAR (Asociaci\u00f3n Espa\u00f1ola de Pacientes con Osteoporosis y Artrosis) y en OAFI (Fundaci\u00f3n Internacional de Artrosis)<\/em><\/p>\n<p style=\"text-align: justify;\"><strong><span style=\"color: #007577;\"><span style=\"color: #f6bb09;\">11:30h<\/span> &#8211; PAUSA PARA EL CAF\u00c9<\/span><\/strong><br \/>\n<strong><span style=\"color: #007577;\"><span style=\"color: #f6bb09;\">12:00h<\/span> &#8211; PRESENTACI\u00d3N DE COMUNICACIONES<\/span><\/strong><br \/>\n<strong><span style=\"color: #007577;\"><span style=\"color: #f6bb09;\">14:00h<\/span> &#8211; LUNCH<\/span><\/strong><br \/>\n<strong><span style=\"color: #007577;\"><span style=\"color: #f6bb09;\">15:00h<\/span> &#8211; ACTO DE CLAUSURA<\/span><\/strong><br \/>\n<strong><span style=\"color: #007577;\"><span style=\"color: #f6bb09;\">15:30h<\/span> &#8211; TALLERES<\/span><\/strong><\/p>\n<blockquote>\n<h2>TALLERES<\/h2>\n<\/blockquote>\n<ul style=\"text-align: justify;\">\n<li><strong>TallerFAECAP: &#8220;Tele-enfermer\u00eda de la teor\u00eda a la pr\u00e1ctica&#8221;<\/strong><\/li>\n<\/ul>\n<p style=\"padding-left: 40px; text-align: justify;\">Docentes:<\/p>\n<p style=\"padding-left: 40px; text-align: justify;\"><strong>Natalia Mingorance Cruz.<\/strong><br \/>\n<em>Enfermera Cl\u00ednica Territorial ARES-AP del Servicio de Atenci\u00f3n Primaria del ICS.<\/em><br \/>\n<em>MSc.Miembro del Consejo Asesor de la Diabetes en Catalunya.<\/em><br \/>\n<em>Departament de Salut. Ag\u00e8ncia de SalutP\u00fablica.<\/em><br \/>\n<em>Coordinadora del Grupo de Trabajo de Diabetes de la AIFiCC y de Cooperaci\u00f3n y Diabetes de la Sociedad Espa\u00f1ola de Diabetes.<\/em><\/p>\n<p style=\"padding-left: 40px; text-align: justify;\"><strong>Francisco Cegri Lombardo.<\/strong><br \/>\n<em>Enfermero de Atenci\u00f3n Primaria. PhD.<\/em><br \/>\n<em>Coordinador del grupo de calidad y seguridad del paciente del CAP Sant Mart\u00ed. Barcelona. ICS. Vicepresidente de FAECAP.<\/em><\/p>\n<ul>\n<li style=\"text-align: justify;\"><strong><span style=\"color: #808080;\"><span style=\"color: #800000;\">(<em>Taller cancelado<\/em>)<\/span> Taller SECA: Aplicaci\u00f3n PROSP Cat: Gesti\u00f3n proactiva del riesgo a partir de checklist informatizados del entorno asistencial. <\/span><br \/>\n<\/strong><\/li>\n<\/ul>\n<p style=\"padding-left: 40px;\"><span style=\"color: #808080;\">Docentes:<\/span><\/p>\n<p style=\"padding-left: 40px;\"><span style=\"color: #808080;\"><strong>Montserrat Gens Barber\u00e0.<\/strong><\/span><br \/>\n<span style=\"color: #808080;\"><em>Directora de Calidad en la Gerencia Territorial del Camp de Tarragona. ICS<\/em><\/span><\/p>\n<p style=\"padding-left: 40px;\"><span style=\"color: #808080;\"><strong>N\u00faria Hern\u00e1ndez Vidal<\/strong><\/span><br \/>\n<span style=\"color: #808080;\"><em>Adjunta de Calidad en la Gerencia Territorial del Camp de Tarragona. ICS<\/em><\/span><\/p>\n<ul>\n<li style=\"text-align: justify;\"><strong>TallerSEMFYC: &#8220;\u00bfC\u00f3mo recabar la experiencia del paciente?: cuestionario de seguridad del paciente desde la perspectiva del paciente en centros de atenci\u00f3n primaria&#8221;<\/strong><\/li>\n<\/ul>\n<p style=\"padding-left: 40px;\">Docentes:<\/p>\n<p style=\"padding-left: 40px;\"><strong>Maria Ant\u00f2nia Fiol de Roque<\/strong><br \/>\n<em>Investigadora del Institutd&#8217;Investigaci\u00f3Sanit\u00e0ria Illes Balears<\/em><\/p>\n<p style=\"padding-left: 40px;\"><strong>Ignacio Ricci Cabello.<\/strong><br \/>\n<em>Investigador del Institutd&#8217;Investigaci\u00f3Sanit\u00e0ria Illes Balears<\/em><\/p>\n<ul>\n<li style=\"text-align: justify;\"><strong>Taller SEFAP: &#8220;Deprescripci\u00f3n: c\u00f3mo y a qui\u00e9n deprescribir&#8221;<\/strong><\/li>\n<\/ul>\n<p style=\"padding-left: 40px;\">Docentes:<\/p>\n<p style=\"padding-left: 40px;\"><strong>Ana Bel\u00e9n Gangoso Fermoso<\/strong><br \/>\n<em>Farmaceutica de Atenci\u00f3n Primaria.<\/em><br \/>\n<em>Servicio de Farmacia AP.<\/em><br \/>\n<em>Direcci\u00f3n Asistencial Noroeste-Gerencia de Atenci\u00f3n Primara &#8211; SERMAS<\/em><\/p>\n<p style=\"padding-left: 40px;\"><strong>Luisa Postigo Higuera<\/strong><br \/>\n<em>M\u00e9dico de Familia y Tutora de Residentes de Medicina Familiar y Comunitaria.<\/em><br \/>\n<em>Centro de Salud Dos de Mayo-Direcci\u00f3n Asistencial Oeste-Gerencia de Atenci\u00f3n Primaria. SERMAS.<\/em><\/p>\n<p><em>\u00a0<\/em><\/p>\n","protected":false},"excerpt":{"rendered":"<p>PROGRAMA CIENT\u00cdFICO Descargue el programa en PDF XIV JORNADA DE SEGURIDAD DEL PACIENTE EN ATENCI\u00d3N PRIMARIA D\u00eda 13 de junio de 2022 09:00h &#8211; ENTREGA DE DOCUMENTACI\u00d3N 09:30h &#8211; ACTO INAUGURAL 10:00h &#8211; MESA DE PONENCIAS &#8220;Luces y sombras de la consulta telef\u00f3nica en atenci\u00f3n primaria\u201d Ponente: Rosa M\u00aa A\u00f1el Rodr\u00edguez. M\u00e9dica de Familia CS [&hellip;]<\/p>\n","protected":false},"author":1,"featured_media":0,"parent":0,"menu_order":0,"comment_status":"closed","ping_status":"closed","template":"","meta":[],"_links":{"self":[{"href":"https:\/\/www.seguridadpaciente.com\/2022\/wp-json\/wp\/v2\/pages\/9"}],"collection":[{"href":"https:\/\/www.seguridadpaciente.com\/2022\/wp-json\/wp\/v2\/pages"}],"about":[{"href":"https:\/\/www.seguridadpaciente.com\/2022\/wp-json\/wp\/v2\/types\/page"}],"author":[{"embeddable":true,"href":"https:\/\/www.seguridadpaciente.com\/2022\/wp-json\/wp\/v2\/users\/1"}],"replies":[{"embeddable":true,"href":"https:\/\/www.seguridadpaciente.com\/2022\/wp-json\/wp\/v2\/comments?post=9"}],"version-history":[{"count":34,"href":"https:\/\/www.seguridadpaciente.com\/2022\/wp-json\/wp\/v2\/pages\/9\/revisions"}],"predecessor-version":[{"id":586,"href":"https:\/\/www.seguridadpaciente.com\/2022\/wp-json\/wp\/v2\/pages\/9\/revisions\/586"}],"wp:attachment":[{"href":"https:\/\/www.seguridadpaciente.com\/2022\/wp-json\/wp\/v2\/media?parent=9"}],"curies":[{"name":"wp","href":"https:\/\/api.w.org\/{rel}","templated":true}]}}