{"id":28,"date":"2022-03-04T09:40:32","date_gmt":"2022-03-04T09:40:32","guid":{"rendered":"https:\/\/www.seguridadpaciente.com\/2022\/?page_id=28"},"modified":"2022-03-07T09:22:07","modified_gmt":"2022-03-07T09:22:07","slug":"ediciones-anteriores","status":"publish","type":"page","link":"https:\/\/www.seguridadpaciente.com\/2022\/ediciones-anteriores\/","title":{"rendered":"Ediciones anteriores"},"content":{"rendered":"<blockquote>\n<h2>EDICIONES ANTERIORES<\/h2>\n<\/blockquote>\n<table style=\"border-collapse: collapse; width: 100%;\">\n<tbody>\n<tr>\n<td id=\"previas\" style=\"width: 15%;\"><img loading=\"lazy\" class=\"wp-image-194 alignleft\" src=\"https:\/\/www.seguridadpaciente.com\/2022\/wp-content\/uploads\/2022\/03\/LIBRO-COMUNICACIONES-WEB-1-205x300.jpg\" alt=\"\" width=\"150\" height=\"219\" srcset=\"https:\/\/www.seguridadpaciente.com\/2022\/wp-content\/uploads\/2022\/03\/LIBRO-COMUNICACIONES-WEB-1-205x300.jpg 205w, https:\/\/www.seguridadpaciente.com\/2022\/wp-content\/uploads\/2022\/03\/LIBRO-COMUNICACIONES-WEB-1.jpg 512w\" sizes=\"(max-width: 150px) 100vw, 150px\" \/><\/p>\n<h3><\/h3>\n<\/td>\n<td id=\"previas\" style=\"width: 85%;\">\n<h3>XIII Jornada de Seguridad del Paciente en Atenci\u00f3n Primaria<\/h3>\n<p><a href=\"https:\/\/www.seguridadpaciente.com\/2021\/\" target=\"_blank\" rel=\"noopener\"><span id=\"masinfo\">M\u00e1s informaci\u00f3n<\/span><\/a><\/td>\n<\/tr>\n<tr>\n<td style=\"width: 15%;\"><\/td>\n<td style=\"width: 85%;\"><\/td>\n<\/tr>\n<tr>\n<td id=\"previas\" style=\"width: 15%;\"><img loading=\"lazy\" class=\"wp-image-170 alignleft\" src=\"https:\/\/www.seguridadpaciente.com\/2022\/wp-content\/uploads\/2022\/03\/phpThumb_generated_thumbnail-211x300.jpg\" alt=\"\" width=\"150\" height=\"214\" srcset=\"https:\/\/www.seguridadpaciente.com\/2022\/wp-content\/uploads\/2022\/03\/phpThumb_generated_thumbnail-211x300.jpg 211w, https:\/\/www.seguridadpaciente.com\/2022\/wp-content\/uploads\/2022\/03\/phpThumb_generated_thumbnail-719x1024.jpg 719w, https:\/\/www.seguridadpaciente.com\/2022\/wp-content\/uploads\/2022\/03\/phpThumb_generated_thumbnail-768x1094.jpg 768w, https:\/\/www.seguridadpaciente.com\/2022\/wp-content\/uploads\/2022\/03\/phpThumb_generated_thumbnail-1078x1536.jpg 1078w, https:\/\/www.seguridadpaciente.com\/2022\/wp-content\/uploads\/2022\/03\/phpThumb_generated_thumbnail.jpg 1240w\" sizes=\"(max-width: 150px) 100vw, 150px\" \/><\/td>\n<td id=\"previas\" style=\"width: 85%;\">\n<h3>XII Jornada de Seguridad del Paciente en Atenci\u00f3n Primaria<\/h3>\n<p><a href=\"http:\/\/www.seguridadpaciente.com\/2019\/\" target=\"_blank\" rel=\"noopener\"><span id=\"masinfo\">M\u00e1s informaci\u00f3n<\/span><\/a><\/td>\n<\/tr>\n<tr>\n<td style=\"width: 15%;\"><\/td>\n<td style=\"width: 85%;\"><\/td>\n<\/tr>\n<tr>\n<td id=\"previas\" style=\"width: 15%;\"><img loading=\"lazy\" class=\"alignleft wp-image-172\" src=\"https:\/\/www.seguridadpaciente.com\/2022\/wp-content\/uploads\/2022\/03\/phpThumb_generated_thumbnail2-210x300.jpg\" alt=\"\" width=\"150\" height=\"214\" srcset=\"https:\/\/www.seguridadpaciente.com\/2022\/wp-content\/uploads\/2022\/03\/phpThumb_generated_thumbnail2-210x300.jpg 210w, https:\/\/www.seguridadpaciente.com\/2022\/wp-content\/uploads\/2022\/03\/phpThumb_generated_thumbnail2-717x1024.jpg 717w, https:\/\/www.seguridadpaciente.com\/2022\/wp-content\/uploads\/2022\/03\/phpThumb_generated_thumbnail2-768x1097.jpg 768w, https:\/\/www.seguridadpaciente.com\/2022\/wp-content\/uploads\/2022\/03\/phpThumb_generated_thumbnail2-1075x1536.jpg 1075w, https:\/\/www.seguridadpaciente.com\/2022\/wp-content\/uploads\/2022\/03\/phpThumb_generated_thumbnail2.jpg 1389w\" sizes=\"(max-width: 150px) 100vw, 150px\" \/><\/td>\n<td id=\"previas\" style=\"width: 85%;\">\n<h3>XI Jornada de Seguridad del Paciente en Atenci\u00f3n Primaria<\/h3>\n<p><a href=\"http:\/\/www.seguridadpaciente.com\/2018\/\" target=\"_blank\" rel=\"noopener\"><span id=\"masinfo\">M\u00e1s informaci\u00f3n<\/span><\/a><\/td>\n<\/tr>\n<tr>\n<td style=\"width: 15%;\"><\/td>\n<td style=\"width: 85%;\"><\/td>\n<\/tr>\n<tr>\n<td id=\"previas\" style=\"width: 15%;\"><img loading=\"lazy\" class=\"alignleft wp-image-173\" src=\"https:\/\/www.seguridadpaciente.com\/2022\/wp-content\/uploads\/2022\/03\/phpThumb_generated_thumbnail3-206x300.jpg\" alt=\"\" width=\"150\" height=\"219\" srcset=\"https:\/\/www.seguridadpaciente.com\/2022\/wp-content\/uploads\/2022\/03\/phpThumb_generated_thumbnail3-206x300.jpg 206w, https:\/\/www.seguridadpaciente.com\/2022\/wp-content\/uploads\/2022\/03\/phpThumb_generated_thumbnail3-701x1024.jpg 701w, https:\/\/www.seguridadpaciente.com\/2022\/wp-content\/uploads\/2022\/03\/phpThumb_generated_thumbnail3-768x1121.jpg 768w, https:\/\/www.seguridadpaciente.com\/2022\/wp-content\/uploads\/2022\/03\/phpThumb_generated_thumbnail3-1052x1536.jpg 1052w, https:\/\/www.seguridadpaciente.com\/2022\/wp-content\/uploads\/2022\/03\/phpThumb_generated_thumbnail3.jpg 1133w\" sizes=\"(max-width: 150px) 100vw, 150px\" \/><\/td>\n<td id=\"previas\" style=\"width: 85%;\">\n<h3>X Jornada de Seguridad del Paciente en Atenci\u00f3n Primaria<\/h3>\n<p><a href=\"http:\/\/www.seguridadpaciente.com\/2017\/\" target=\"_blank\" rel=\"noopener\"><span id=\"masinfo\">M\u00e1s informaci\u00f3n<\/span><\/a><\/td>\n<\/tr>\n<tr>\n<td style=\"width: 15%;\"><\/td>\n<td style=\"width: 85%;\"><\/td>\n<\/tr>\n<tr>\n<td id=\"previas\" style=\"width: 15%;\"><img loading=\"lazy\" class=\"alignleft wp-image-174\" src=\"https:\/\/www.seguridadpaciente.com\/2022\/wp-content\/uploads\/2022\/03\/phpThumb_generated_thumbnail4-213x300.jpg\" alt=\"\" width=\"150\" height=\"211\" srcset=\"https:\/\/www.seguridadpaciente.com\/2022\/wp-content\/uploads\/2022\/03\/phpThumb_generated_thumbnail4-213x300.jpg 213w, https:\/\/www.seguridadpaciente.com\/2022\/wp-content\/uploads\/2022\/03\/phpThumb_generated_thumbnail4-727x1024.jpg 727w, https:\/\/www.seguridadpaciente.com\/2022\/wp-content\/uploads\/2022\/03\/phpThumb_generated_thumbnail4-768x1082.jpg 768w, https:\/\/www.seguridadpaciente.com\/2022\/wp-content\/uploads\/2022\/03\/phpThumb_generated_thumbnail4-1090x1536.jpg 1090w, https:\/\/www.seguridadpaciente.com\/2022\/wp-content\/uploads\/2022\/03\/phpThumb_generated_thumbnail4-1453x2048.jpg 1453w, https:\/\/www.seguridadpaciente.com\/2022\/wp-content\/uploads\/2022\/03\/phpThumb_generated_thumbnail4-scaled.jpg 1817w\" sizes=\"(max-width: 150px) 100vw, 150px\" \/><\/td>\n<td id=\"previas\" style=\"width: 85%;\">\n<h3>IX Jornada de Seguridad del Paciente en Atenci\u00f3n Primaria<\/h3>\n<p><a href=\"http:\/\/www.seguridadpaciente.com\/2016\/\" target=\"_blank\" rel=\"noopener\"><span id=\"masinfo\">M\u00e1s informaci\u00f3n<\/span><\/a><\/td>\n<\/tr>\n<tr>\n<td style=\"width: 15%;\"><\/td>\n<td style=\"width: 85%;\"><\/td>\n<\/tr>\n<tr>\n<td id=\"previas\" style=\"width: 15%;\"><img loading=\"lazy\" class=\"alignleft wp-image-175\" src=\"https:\/\/www.seguridadpaciente.com\/2022\/wp-content\/uploads\/2022\/03\/phpThumb_generated_thumbnail5.jpg\" alt=\"\" width=\"150\" height=\"211\" \/><\/td>\n<td id=\"previas\" style=\"width: 85%;\">\n<h3>VIII Jornada de Seguridad del Paciente en Atenci\u00f3n Primaria<\/h3>\n<p><a href=\"http:\/\/www.seguridadpaciente.com\/2015\/\" target=\"_blank\" rel=\"noopener\"><span id=\"masinfo\">M\u00e1s informaci\u00f3n<\/span><\/a><\/td>\n<\/tr>\n<tr>\n<td style=\"width: 15%;\"><\/td>\n<td style=\"width: 85%;\"><\/td>\n<\/tr>\n<tr>\n<td id=\"previas\" style=\"width: 15%;\"><img loading=\"lazy\" class=\"alignleft wp-image-176\" src=\"https:\/\/www.seguridadpaciente.com\/2022\/wp-content\/uploads\/2022\/03\/phpThumb_generated_thumbnail6.jpg\" alt=\"\" width=\"150\" height=\"212\" \/><\/td>\n<td id=\"previas\" style=\"width: 85%;\">\n<h3>VII Jornada de Seguridad del Paciente en Atenci\u00f3n Primaria<\/h3>\n<p><a href=\"http:\/\/www.seguridadpaciente.com\/2014\/\" target=\"_blank\" rel=\"noopener\"><span id=\"masinfo\">M\u00e1s informaci\u00f3n<\/span><\/a><\/td>\n<\/tr>\n<tr>\n<td style=\"width: 15%;\"><\/td>\n<td style=\"width: 85%;\"><\/td>\n<\/tr>\n<tr>\n<td id=\"previas\" style=\"width: 15%;\"><img loading=\"lazy\" class=\"alignleft wp-image-179\" src=\"https:\/\/www.seguridadpaciente.com\/2022\/wp-content\/uploads\/2022\/03\/phpThumb_generated_thumbnail7.jpg\" alt=\"\" width=\"150\" height=\"211\" \/><\/td>\n<td id=\"previas\" style=\"width: 85%;\">\n<h3>VI Jornada de Seguridad del Paciente en Atenci\u00f3n Primaria<\/h3>\n<p><a href=\"http:\/\/www.calidadasistencial.es\/congresos\/seguridad-paciente\/\" target=\"_blank\" rel=\"noopener\"><span id=\"masinfo\">M\u00e1s informaci\u00f3n<\/span><\/a><\/td>\n<\/tr>\n<tr>\n<td style=\"width: 15%;\"><\/td>\n<td style=\"width: 85%;\"><\/td>\n<\/tr>\n<tr>\n<td id=\"previas\" style=\"width: 15%;\"><img loading=\"lazy\" class=\"alignleft wp-image-180\" src=\"https:\/\/www.seguridadpaciente.com\/2022\/wp-content\/uploads\/2022\/03\/phpThumb_generated_thumbnail8.jpg\" alt=\"\" width=\"150\" height=\"211\" \/><\/td>\n<td id=\"previas\" style=\"width: 85%;\">\n<h3>V Jornada de Seguridad del Paciente en Atenci\u00f3n Primaria<\/h3>\n<p><a href=\"http:\/\/www.seguridadpaciente.com\/2012\/\" target=\"_blank\" rel=\"noopener\"><span id=\"masinfo\">M\u00e1s informaci\u00f3n<\/span><\/a><\/td>\n<\/tr>\n<tr>\n<td style=\"width: 15%;\"><\/td>\n<td style=\"width: 85%;\"><\/td>\n<\/tr>\n<tr>\n<td id=\"previas\" style=\"width: 15%;\"><img loading=\"lazy\" class=\"alignleft wp-image-181\" src=\"https:\/\/www.seguridadpaciente.com\/2022\/wp-content\/uploads\/2022\/03\/phpThumb_generated_thumbnail13.jpg\" alt=\"\" width=\"150\" height=\"211\" \/><\/td>\n<td id=\"previas\" style=\"width: 85%;\">\n<h3>IV Jornada de Seguridad del Paciente en Atenci\u00f3n Primaria<\/h3>\n<p><a href=\"http:\/\/www.seguridadpaciente.com\/2011\/\" target=\"_blank\" rel=\"noopener\"><span id=\"masinfo\">M\u00e1s informaci\u00f3n<\/span><\/a><\/td>\n<\/tr>\n<tr>\n<td style=\"width: 15%;\"><\/td>\n<td style=\"width: 85%;\"><\/td>\n<\/tr>\n<tr>\n<td id=\"previas\" style=\"width: 15%;\"><img loading=\"lazy\" class=\"alignleft wp-image-182\" src=\"https:\/\/www.seguridadpaciente.com\/2022\/wp-content\/uploads\/2022\/03\/phpThumb_generated_thumbnail9.jpg\" alt=\"\" width=\"150\" height=\"211\" \/><\/td>\n<td id=\"previas\" style=\"width: 85%;\">\n<h3>III Jornada de Seguridad del Paciente en Atenci\u00f3n Primaria<\/h3>\n<p><a href=\"http:\/\/www.seguridadpaciente.com\/2010\/J_2010_tercera.htm\" target=\"_blank\" rel=\"noopener\"><span id=\"masinfo\">M\u00e1s informaci\u00f3n<\/span><\/a><\/td>\n<\/tr>\n<tr>\n<td style=\"width: 15%;\"><\/td>\n<td style=\"width: 85%;\"><\/td>\n<\/tr>\n<tr>\n<td id=\"previas\" style=\"width: 15%;\"><img loading=\"lazy\" class=\"alignleft wp-image-183\" src=\"https:\/\/www.seguridadpaciente.com\/2022\/wp-content\/uploads\/2022\/03\/phpThumb_generated_thumbnail10.jpg\" alt=\"\" width=\"150\" height=\"211\" \/><\/td>\n<td id=\"previas\" style=\"width: 85%;\">\n<h3>II Jornada de Seguridad del Paciente en Atenci\u00f3n Primaria<\/h3>\n<p><a href=\"http:\/\/www.seguridadpaciente.com\/2009\/J_2009_segunda.htm\" target=\"_blank\" rel=\"noopener\"><span id=\"masinfo\">M\u00e1s informaci\u00f3n<\/span><\/a><\/td>\n<\/tr>\n<tr>\n<td style=\"width: 15%;\"><\/td>\n<td style=\"width: 85%;\"><\/td>\n<\/tr>\n<tr>\n<td id=\"previas\" style=\"width: 15%;\"><img loading=\"lazy\" class=\"alignleft wp-image-184\" src=\"https:\/\/www.seguridadpaciente.com\/2022\/wp-content\/uploads\/2022\/03\/phpThumb_generated_thumbnail12.jpg\" alt=\"\" width=\"150\" height=\"211\" \/><\/td>\n<td id=\"previas\" style=\"width: 85%;\">\n<h3>I Jornada de Seguridad del Paciente en Atenci\u00f3n Primaria<\/h3>\n<p><a href=\"http:\/\/www.seguridadpaciente.com\/2008\/J_2008_primera.htm\" target=\"_blank\" rel=\"noopener\"><span id=\"masinfo\">M\u00e1s informaci\u00f3n<\/span><\/a><\/td>\n<\/tr>\n<\/tbody>\n<\/table>\n<p>&nbsp;<\/p>\n","protected":false},"excerpt":{"rendered":"<p>EDICIONES ANTERIORES XIII Jornada de Seguridad del Paciente en Atenci\u00f3n Primaria M\u00e1s informaci\u00f3n XII Jornada de Seguridad del Paciente en Atenci\u00f3n Primaria M\u00e1s informaci\u00f3n XI Jornada de Seguridad del Paciente en Atenci\u00f3n Primaria M\u00e1s informaci\u00f3n X Jornada de Seguridad del Paciente en Atenci\u00f3n Primaria M\u00e1s informaci\u00f3n IX Jornada de Seguridad del Paciente en Atenci\u00f3n Primaria [&hellip;]<\/p>\n","protected":false},"author":1,"featured_media":0,"parent":0,"menu_order":0,"comment_status":"closed","ping_status":"closed","template":"","meta":[],"_links":{"self":[{"href":"https:\/\/www.seguridadpaciente.com\/2022\/wp-json\/wp\/v2\/pages\/28"}],"collection":[{"href":"https:\/\/www.seguridadpaciente.com\/2022\/wp-json\/wp\/v2\/pages"}],"about":[{"href":"https:\/\/www.seguridadpaciente.com\/2022\/wp-json\/wp\/v2\/types\/page"}],"author":[{"embeddable":true,"href":"https:\/\/www.seguridadpaciente.com\/2022\/wp-json\/wp\/v2\/users\/1"}],"replies":[{"embeddable":true,"href":"https:\/\/www.seguridadpaciente.com\/2022\/wp-json\/wp\/v2\/comments?post=28"}],"version-history":[{"count":18,"href":"https:\/\/www.seguridadpaciente.com\/2022\/wp-json\/wp\/v2\/pages\/28\/revisions"}],"predecessor-version":[{"id":224,"href":"https:\/\/www.seguridadpaciente.com\/2022\/wp-json\/wp\/v2\/pages\/28\/revisions\/224"}],"wp:attachment":[{"href":"https:\/\/www.seguridadpaciente.com\/2022\/wp-json\/wp\/v2\/media?parent=28"}],"curies":[{"name":"wp","href":"https:\/\/api.w.org\/{rel}","templated":true}]}}