{"id":13,"date":"2022-03-04T09:38:34","date_gmt":"2022-03-04T09:38:34","guid":{"rendered":"https:\/\/www.seguridadpaciente.com\/2022\/?page_id=13"},"modified":"2022-04-03T09:47:26","modified_gmt":"2022-04-03T08:47:26","slug":"comite-cientifico","status":"publish","type":"page","link":"https:\/\/www.seguridadpaciente.com\/2022\/comite-cientifico\/","title":{"rendered":"Comit\u00e9 cient\u00edfico"},"content":{"rendered":"<blockquote>\n<h2><strong>COMIT\u00c9 CIENTIFICO<\/strong><\/h2>\n<\/blockquote>\n<p><span style=\"color: #007577;\"><strong>PRESIDENCIA<\/strong><\/span><\/p>\n<p style=\"padding-left: 40px;\"><strong>Inmaculada Mediavilla Herrera.<\/strong> <em>Presidenta de la Sociedad Espa\u00f1ola de Calidad Asistencial (SECA)<\/em><\/p>\n<p><span style=\"color: #007577;\"><strong>VICEPRESIDENCIA<\/strong><\/span><\/p>\n<p style=\"padding-left: 40px;\"><strong>Pilar Astier Pe\u00f1a. <\/strong><em>Coordinadora Grupo Seguridad del Paciente de la Sociedad Espa\u00f1ola de Medicina Familiar y Comunitaria (Semfyc) y Vocal de la junta directiva de la Sociedad Espa\u00f1ola de Calidad Asistencial (SECA).<\/em><\/p>\n<p><span style=\"color: #007577;\"><strong>VOCALES<\/strong><\/span><\/p>\n<p style=\"padding-left: 40px;\"><strong>Rosa M\u00aa A\u00f1el <\/strong><b>Rodr\u00edguez<\/b>, <em>miembro del Grupo de seguridad del paciente de Semfyc y de la Asociaci\u00f3n Vasca de Calidad Asistencial (AVCA\/AKEB).<\/em><\/p>\n<p style=\"padding-left: 40px;\"><strong>Almudena A\u00f1ino Alba, miembro de la <\/strong><em>Sociedad Espa\u00f1ola de Farmac\u00e9uticos de Atenci\u00f3n Primaria (SEFAP)<\/em><\/p>\n<p style=\"padding-left: 40px;\"><strong>Asunci\u00f3n Ca\u00f1ada <\/strong><strong>Dorado, <\/strong><em>miembro de la Asociaci\u00f3n Madrile\u00f1a de Calidad Asistencial (AMCA).<\/em><\/p>\n<p style=\"padding-left: 40px;\"><strong>Juan Jos\u00e9 Jurado Balbuena<\/strong>, <em>representante de FAECAP.<\/em><\/p>\n<p style=\"padding-left: 40px;\"><strong>Lourdes Luzon Oliver, miembro del <\/strong><em>Grupo de seguridad del paciente de Semfyc.<\/em><\/p>\n<p style=\"padding-left: 40px;\"><strong>Jos\u00e9 \u00c1ngel MaderueloFern\u00e1ndez<\/strong>, <em>miembro del Grupo de seguridad del paciente de Semfyc y de la Sociedad Espa\u00f1ola de Calidad Asistencial (SECA).<\/em><\/p>\n<p style=\"padding-left: 40px;\"><strong>M\u00aa Dolores Mart\u00edn Rodr\u00edguez<\/strong>, <em>miembro del Grupo de seguridad del paciente de Semfyc yde la Sociedad Gallega de Calidad Asistencial (SOGALCA).<\/em><\/p>\n<p style=\"padding-left: 40px;\"><strong>Cristina Nebot Marzal<\/strong>, <em>miembro de la Sociedad Valenciana de Calidad Asistencial (SOVCA).<\/em><\/p>\n<p style=\"padding-left: 40px;\"><strong>Antonio ParedesSidrach de Cardona<\/strong>, <em>miembro de la Sociedad Murciana de Calidad Asistencial (SOMUCA).<\/em><\/p>\n<p style=\"padding-left: 40px;\"><strong>Javier Sandoval Coloni<\/strong>, <em>membro de la Sociedad Andaluza de Calidad Asistencial (SADECA) y de la Sociedad Espa\u00f1ola de M\u00e9dicos Generales y de Familia (SEMG)<\/em><\/p>\n<p style=\"padding-left: 40px;\"><strong>Alfredo Silva Tojo<\/strong>, <em>miembro de la Sociedad Gallega de Calidad Asistencial (SOGALCA).<\/em><\/p>\n","protected":false},"excerpt":{"rendered":"<p>COMIT\u00c9 CIENTIFICO PRESIDENCIA Inmaculada Mediavilla Herrera. Presidenta de la Sociedad Espa\u00f1ola de Calidad Asistencial (SECA) VICEPRESIDENCIA Pilar Astier Pe\u00f1a. Coordinadora Grupo Seguridad del Paciente de la Sociedad Espa\u00f1ola de Medicina Familiar y Comunitaria (Semfyc) y Vocal de la junta directiva de la Sociedad Espa\u00f1ola de Calidad Asistencial (SECA). VOCALES Rosa M\u00aa A\u00f1el Rodr\u00edguez, miembro del [&hellip;]<\/p>\n","protected":false},"author":1,"featured_media":0,"parent":0,"menu_order":0,"comment_status":"closed","ping_status":"closed","template":"","meta":[],"_links":{"self":[{"href":"https:\/\/www.seguridadpaciente.com\/2022\/wp-json\/wp\/v2\/pages\/13"}],"collection":[{"href":"https:\/\/www.seguridadpaciente.com\/2022\/wp-json\/wp\/v2\/pages"}],"about":[{"href":"https:\/\/www.seguridadpaciente.com\/2022\/wp-json\/wp\/v2\/types\/page"}],"author":[{"embeddable":true,"href":"https:\/\/www.seguridadpaciente.com\/2022\/wp-json\/wp\/v2\/users\/1"}],"replies":[{"embeddable":true,"href":"https:\/\/www.seguridadpaciente.com\/2022\/wp-json\/wp\/v2\/comments?post=13"}],"version-history":[{"count":7,"href":"https:\/\/www.seguridadpaciente.com\/2022\/wp-json\/wp\/v2\/pages\/13\/revisions"}],"predecessor-version":[{"id":501,"href":"https:\/\/www.seguridadpaciente.com\/2022\/wp-json\/wp\/v2\/pages\/13\/revisions\/501"}],"wp:attachment":[{"href":"https:\/\/www.seguridadpaciente.com\/2022\/wp-json\/wp\/v2\/media?parent=13"}],"curies":[{"name":"wp","href":"https:\/\/api.w.org\/{rel}","templated":true}]}}